{"id":2361,"date":"2024-08-07T09:21:15","date_gmt":"2024-08-07T09:21:15","guid":{"rendered":"https:\/\/2active.voidxd.lol\/?page_id=2361"},"modified":"2024-09-16T11:06:32","modified_gmt":"2024-09-16T11:06:32","slug":"proiecte","status":"publish","type":"page","link":"https:\/\/2active.ro\/en\/proiecte\/","title":{"rendered":"WORK"},"content":{"rendered":"\t\t<div data-elementor-type=\"wp-page\" data-elementor-id=\"2361\" class=\"elementor elementor-2361\" data-elementor-post-type=\"page\">\n\t\t\t\t<div class=\"elementor-element elementor-element-c03ea0f e-con-full e-flex e-con e-parent\" data-id=\"c03ea0f\" data-element_type=\"container\" data-settings=\"{&quot;background_background&quot;:&quot;classic&quot;}\">\n\t\t\t\t<div class=\"elementor-element elementor-element-2fc2321 elementor-widget elementor-widget-heading\" data-id=\"2fc2321\" data-element_type=\"widget\" data-widget_type=\"heading.default\">\n\t\t\t\t<div class=\"elementor-widget-container\">\n\t\t\t<style>\/*! elementor - v3.23.0 - 05-08-2024 *\/\n.elementor-heading-title{padding:0;margin:0;line-height:1}.elementor-widget-heading .elementor-heading-title[class*=elementor-size-]>a{color:inherit;font-size:inherit;line-height:inherit}.elementor-widget-heading .elementor-heading-title.elementor-size-small{font-size:15px}.elementor-widget-heading .elementor-heading-title.elementor-size-medium{font-size:19px}.elementor-widget-heading .elementor-heading-title.elementor-size-large{font-size:29px}.elementor-widget-heading .elementor-heading-title.elementor-size-xl{font-size:39px}.elementor-widget-heading .elementor-heading-title.elementor-size-xxl{font-size:59px}<\/style><h1 class=\"elementor-heading-title elementor-size-default\">Proiecte<\/h1>\t\t<\/div>\n\t\t\t\t<\/div>\n\t\t\t\t<\/div>\n\t\t<div class=\"elementor-element elementor-element-a122cb0 e-flex e-con-boxed e-con e-parent\" data-id=\"a122cb0\" data-element_type=\"container\">\n\t\t\t\t\t<div class=\"e-con-inner\">\n\t\t<div class=\"elementor-element elementor-element-b8fe5df e-con-full e-flex e-con e-child\" data-id=\"b8fe5df\" data-element_type=\"container\">\n\t\t\t\t<div class=\"elementor-element elementor-element-3e36bb0 elementor-widget elementor-widget-heading\" data-id=\"3e36bb0\" data-element_type=\"widget\" data-widget_type=\"heading.default\">\n\t\t\t\t<div class=\"elementor-widget-container\">\n\t\t\t<h3 class=\"elementor-heading-title elementor-size-default\">Filosofia noastr\u0103<\/h3>\t\t<\/div>\n\t\t\t\t<\/div>\n\t\t\t\t<div class=\"elementor-element elementor-element-dc0ec71 elementor-widget elementor-widget-text-editor\" data-id=\"dc0ec71\" data-element_type=\"widget\" data-widget_type=\"text-editor.default\">\n\t\t\t\t<div class=\"elementor-widget-container\">\n\t\t\t<style>\/*! elementor - v3.23.0 - 05-08-2024 *\/\n.elementor-widget-text-editor.elementor-drop-cap-view-stacked .elementor-drop-cap{background-color:#69727d;color:#fff}.elementor-widget-text-editor.elementor-drop-cap-view-framed .elementor-drop-cap{color:#69727d;border:3px solid;background-color:transparent}.elementor-widget-text-editor:not(.elementor-drop-cap-view-default) .elementor-drop-cap{margin-top:8px}.elementor-widget-text-editor:not(.elementor-drop-cap-view-default) .elementor-drop-cap-letter{width:1em;height:1em}.elementor-widget-text-editor .elementor-drop-cap{float:left;text-align:center;line-height:1;font-size:50px}.elementor-widget-text-editor .elementor-drop-cap-letter{display:inline-block}<\/style>\t\t\t\t<p>Cre\u0103m mesaje personalizate, gestion\u0103m cu abilit\u0103\u021bi crizele \u0219i punem \u00een eviden\u021b\u0103 conducerea dvs., acord\u0103m prioritate conexiunilor autentice \u0219i aplic\u0103m strategii creative \u0219i, \u00een cele din urm\u0103, preg\u0103tim scena prin evenimente de impact pentru a ne asigura c\u0103 marca dvs. prosper\u0103 at\u00e2t online, c\u00e2t \u0219i offline.<\/p>\t\t\t\t\t\t<\/div>\n\t\t\t\t<\/div>\n\t\t\t\t<\/div>\n\t\t\t\t\t<\/div>\n\t\t\t\t<\/div>\n\t\t<div class=\"elementor-element elementor-element-6ed7b723 e-flex e-con-boxed e-con e-parent\" data-id=\"6ed7b723\" data-element_type=\"container\">\n\t\t\t\t\t<div class=\"e-con-inner\">\n\t\t\t\t<div class=\"elementor-element elementor-element-49203b99 top-bar elementor-widget elementor-widget-html\" data-id=\"49203b99\" data-element_type=\"widget\" data-widget_type=\"html.default\">\n\t\t\t\t<div class=\"elementor-widget-container\">\n\t\t\t<div class=\"top-bar-2active\">\r\n<div>FILTRE<\/div>\r\n  <div>\r\n    <select id=\"category-filter\">\r\n    <\/select>\r\n  <\/div>\r\n<\/div> \t\t<\/div>\n\t\t\t\t<\/div>\n\t\t\t\t\t<\/div>\n\t\t\t\t<\/div>\n\t\t<div class=\"elementor-element elementor-element-01c9381 e-grid work-gallery e-con-boxed e-con e-parent\" data-id=\"01c9381\" data-element_type=\"container\" data-settings=\"{&quot;animation&quot;:&quot;none&quot;}\">\n\t\t\t\t\t<div class=\"e-con-inner\">\n\t\t<div class=\"elementor-element elementor-element-e7b6705 e-con-full project e-flex e-con e-child\" data-id=\"e7b6705\" data-element_type=\"container\" data-settings=\"{&quot;animation&quot;:&quot;none&quot;}\">\n\t\t<div class=\"elementor-element elementor-element-9777a43 e-con-full aspect-ratio-4-5 e-flex e-con e-child\" data-id=\"9777a43\" data-element_type=\"container\" data-settings=\"{&quot;background_background&quot;:&quot;classic&quot;}\">\n\t\t\t\t<div class=\"elementor-element elementor-element-40a8bbf overlay-text elementor-widget elementor-widget-text-editor\" data-id=\"40a8bbf\" data-element_type=\"widget\" data-widget_type=\"text-editor.default\">\n\t\t\t\t<div class=\"elementor-widget-container\">\n\t\t\t\t\t\t\t<p>Aniversarea de 25 de ani a brandului Meda Prod s-a desf\u0103\u0219urat sub tema viitorului. La eveniment participan\u021bii au interac\u021bionat cu Oracolul ANA, care le-a oferit predic\u021bii despre viitor \u0219i cu simpaticul robot 3-scu.<\/p>\t\t\t\t\t\t<\/div>\n\t\t\t\t<\/div>\n\t\t\t\t<\/div>\n\t\t<div class=\"elementor-element elementor-element-0f1ee8e e-con-full e-flex e-con e-child\" data-id=\"0f1ee8e\" data-element_type=\"container\">\n\t\t\t\t<div class=\"elementor-element elementor-element-050b061 elementor-widget__width-initial elementor-widget elementor-widget-heading\" data-id=\"050b061\" data-element_type=\"widget\" data-widget_type=\"heading.default\">\n\t\t\t\t<div class=\"elementor-widget-container\">\n\t\t\t<h3 class=\"elementor-heading-title elementor-size-default\">MEDA 25<\/h3>\t\t<\/div>\n\t\t\t\t<\/div>\n\t\t\t\t<div class=\"elementor-element elementor-element-1336dce project-category elementor-widget elementor-widget-heading\" data-id=\"1336dce\" data-element_type=\"widget\" data-widget_type=\"heading.default\">\n\t\t\t\t<div class=\"elementor-widget-container\">\n\t\t\t<div class=\"elementor-heading-title elementor-size-default\">EVENT<\/div>\t\t<\/div>\n\t\t\t\t<\/div>\n\t\t\t\t<\/div>\n\t\t\t\t<\/div>\n\t\t<div class=\"elementor-element elementor-element-778ec89 e-con-full project e-flex e-con e-child\" data-id=\"778ec89\" data-element_type=\"container\" data-settings=\"{&quot;animation&quot;:&quot;none&quot;}\">\n\t\t<div class=\"elementor-element elementor-element-daf674e e-con-full aspect-ratio-4-5 e-flex e-con e-child\" data-id=\"daf674e\" data-element_type=\"container\" data-settings=\"{&quot;background_background&quot;:&quot;classic&quot;}\">\n\t\t\t\t<div class=\"elementor-element elementor-element-b372943 overlay-text elementor-widget elementor-widget-text-editor\" data-id=\"b372943\" data-element_type=\"widget\" data-widget_type=\"text-editor.default\">\n\t\t\t\t<div class=\"elementor-widget-container\">\n\t\t\t\t\t\t\t<p><strong>The Beauty Hub<\/strong> este un concept care reune\u0219te peste 30 de magazine de frumuse\u021be, oferind experien\u021be unice \u0219i interactive, noi tendin\u021be \u0219i cea mai mare varietate de produse \u0219i exclusivit\u0103\u021bi de frumuse\u021be. Acest concept unic a fost transformat \u00eentr-o experien\u021b\u0103 multisenzorial\u0103 pentru to\u021bi pasiona\u021bii de frumuse\u021be, \u00eengrijirea pielii \u0219i parfumuri, fie c\u0103 sunt \u00een c\u0103utarea unui nou parfum, a unor produse de \u00eengrijire a pielii sau a celor mai recente tendin\u021be \u00een machiaj.<\/p>\t\t\t\t\t\t<\/div>\n\t\t\t\t<\/div>\n\t\t\t\t<\/div>\n\t\t<div class=\"elementor-element elementor-element-ab3db78 e-con-full e-flex e-con e-child\" data-id=\"ab3db78\" data-element_type=\"container\">\n\t\t\t\t<div class=\"elementor-element elementor-element-83f0e93 elementor-widget__width-initial elementor-widget elementor-widget-heading\" data-id=\"83f0e93\" data-element_type=\"widget\" data-widget_type=\"heading.default\">\n\t\t\t\t<div class=\"elementor-widget-container\">\n\t\t\t<h3 class=\"elementor-heading-title elementor-size-default\">The Beauty Hub 2021<\/h3>\t\t<\/div>\n\t\t\t\t<\/div>\n\t\t\t\t<div class=\"elementor-element elementor-element-d2204ff project-category elementor-widget__width-initial elementor-widget elementor-widget-heading\" data-id=\"d2204ff\" data-element_type=\"widget\" data-widget_type=\"heading.default\">\n\t\t\t\t<div class=\"elementor-widget-container\">\n\t\t\t<div class=\"elementor-heading-title elementor-size-default\">INFLUENCER MARKETING<\/div>\t\t<\/div>\n\t\t\t\t<\/div>\n\t\t\t\t<\/div>\n\t\t\t\t<\/div>\n\t\t<div class=\"elementor-element elementor-element-c4ac577 e-con-full project e-flex e-con e-child\" data-id=\"c4ac577\" data-element_type=\"container\" data-settings=\"{&quot;animation&quot;:&quot;none&quot;}\">\n\t\t<div class=\"elementor-element elementor-element-45ae485 e-con-full aspect-ratio-4-5 e-flex e-con e-child\" data-id=\"45ae485\" data-element_type=\"container\" data-settings=\"{&quot;background_background&quot;:&quot;classic&quot;}\">\n\t\t\t\t<div class=\"elementor-element elementor-element-4876759 overlay-text elementor-widget elementor-widget-text-editor\" data-id=\"4876759\" data-element_type=\"widget\" data-widget_type=\"text-editor.default\">\n\t\t\t\t<div class=\"elementor-widget-container\">\n\t\t\t\t\t\t\t<p><strong>Saint-Gobain<\/strong> si ENGIE Romania anunta demararea lucrarilor de construire a celui mai mare parc fotovoltaic on-site din Romania. Amplasat pe terenul fabricii de sticla Saint-Gobain din Calarasi, pe o suprafata de 14 hectare, sistemul de panouri fotovoltaice va fi destinat producerii de energie regenerabila in cadrul sitului industrial, productia rezultata urmand a fi folosita 100% pentru autoconsum.<\/p>\t\t\t\t\t\t<\/div>\n\t\t\t\t<\/div>\n\t\t\t\t<\/div>\n\t\t<div class=\"elementor-element elementor-element-5d0bfaa e-con-full e-flex e-con e-child\" data-id=\"5d0bfaa\" data-element_type=\"container\">\n\t\t\t\t<div class=\"elementor-element elementor-element-f70df7c elementor-widget__width-initial elementor-widget elementor-widget-heading\" data-id=\"f70df7c\" data-element_type=\"widget\" data-widget_type=\"heading.default\">\n\t\t\t\t<div class=\"elementor-widget-container\">\n\t\t\t<h3 class=\"elementor-heading-title elementor-size-default\">Saint Gobain<br>\n& Engie Rom\u00e2nia<\/h3>\t\t<\/div>\n\t\t\t\t<\/div>\n\t\t\t\t<div class=\"elementor-element elementor-element-6ba4438 project-category elementor-widget elementor-widget-heading\" data-id=\"6ba4438\" data-element_type=\"widget\" data-widget_type=\"heading.default\">\n\t\t\t\t<div class=\"elementor-widget-container\">\n\t\t\t<div class=\"elementor-heading-title elementor-size-default\">MEDIA RELATIONS<\/div>\t\t<\/div>\n\t\t\t\t<\/div>\n\t\t\t\t<\/div>\n\t\t\t\t<\/div>\n\t\t<div class=\"elementor-element elementor-element-0a5ebc6 e-con-full project e-flex e-con e-child\" data-id=\"0a5ebc6\" data-element_type=\"container\" data-settings=\"{&quot;animation&quot;:&quot;none&quot;}\">\n\t\t<div class=\"elementor-element elementor-element-155d8ec e-con-full aspect-ratio-4-5 e-flex e-con e-child\" data-id=\"155d8ec\" data-element_type=\"container\" data-settings=\"{&quot;background_background&quot;:&quot;classic&quot;}\">\n\t\t\t\t<div class=\"elementor-element elementor-element-65c0dfa overlay-text elementor-widget elementor-widget-text-editor\" data-id=\"65c0dfa\" data-element_type=\"widget\" data-widget_type=\"text-editor.default\">\n\t\t\t\t<div class=\"elementor-widget-container\">\n\t\t\t\t\t\t\t<p>Gestionarea canalelor de social media corporate ale brandului <strong>Beciul Domnesc<\/strong>.<\/p>\t\t\t\t\t\t<\/div>\n\t\t\t\t<\/div>\n\t\t\t\t<\/div>\n\t\t<div class=\"elementor-element elementor-element-c74f096 e-con-full e-flex e-con e-child\" data-id=\"c74f096\" data-element_type=\"container\">\n\t\t\t\t<div class=\"elementor-element elementor-element-ccbe9cd elementor-widget__width-initial elementor-widget elementor-widget-heading\" data-id=\"ccbe9cd\" data-element_type=\"widget\" data-widget_type=\"heading.default\">\n\t\t\t\t<div class=\"elementor-widget-container\">\n\t\t\t<h3 class=\"elementor-heading-title elementor-size-default\">BECIUL DOMNESC<\/h3>\t\t<\/div>\n\t\t\t\t<\/div>\n\t\t\t\t<div class=\"elementor-element elementor-element-6235e6d project-category elementor-widget elementor-widget-heading\" data-id=\"6235e6d\" data-element_type=\"widget\" data-widget_type=\"heading.default\">\n\t\t\t\t<div class=\"elementor-widget-container\">\n\t\t\t<div class=\"elementor-heading-title elementor-size-default\">DIGITAL<\/div>\t\t<\/div>\n\t\t\t\t<\/div>\n\t\t\t\t<\/div>\n\t\t\t\t<\/div>\n\t\t<div class=\"elementor-element elementor-element-78aa459 e-con-full project e-flex e-con e-child\" data-id=\"78aa459\" data-element_type=\"container\" data-settings=\"{&quot;animation&quot;:&quot;none&quot;}\">\n\t\t<div class=\"elementor-element elementor-element-e2f2f29 e-con-full aspect-ratio-4-5 e-flex e-con e-child\" data-id=\"e2f2f29\" data-element_type=\"container\" data-settings=\"{&quot;background_background&quot;:&quot;classic&quot;}\">\n\t\t\t\t<div class=\"elementor-element elementor-element-87c1383 overlay-text elementor-widget elementor-widget-text-editor\" data-id=\"87c1383\" data-element_type=\"widget\" data-widget_type=\"text-editor.default\">\n\t\t\t\t<div class=\"elementor-widget-container\">\n\t\t\t\t\t\t\t<p>Administrarea social media pentru <strong>Tchibo<\/strong> Brands, gestionarea relatiei cu influencerii si parteneriate pentru brand.<\/p>\t\t\t\t\t\t<\/div>\n\t\t\t\t<\/div>\n\t\t\t\t<\/div>\n\t\t<div class=\"elementor-element elementor-element-d064d36 e-con-full e-flex e-con e-child\" data-id=\"d064d36\" data-element_type=\"container\">\n\t\t\t\t<div class=\"elementor-element elementor-element-79631e5 elementor-widget__width-initial elementor-widget elementor-widget-heading\" data-id=\"79631e5\" data-element_type=\"widget\" data-widget_type=\"heading.default\">\n\t\t\t\t<div class=\"elementor-widget-container\">\n\t\t\t<h3 class=\"elementor-heading-title elementor-size-default\">TCHIBO BRANDS<\/h3>\t\t<\/div>\n\t\t\t\t<\/div>\n\t\t\t\t<div class=\"elementor-element elementor-element-0278e55 project-category elementor-widget elementor-widget-heading\" data-id=\"0278e55\" data-element_type=\"widget\" data-widget_type=\"heading.default\">\n\t\t\t\t<div class=\"elementor-widget-container\">\n\t\t\t<div class=\"elementor-heading-title elementor-size-default\">DIGITAL<\/div>\t\t<\/div>\n\t\t\t\t<\/div>\n\t\t\t\t<\/div>\n\t\t\t\t<\/div>\n\t\t<div class=\"elementor-element elementor-element-c266d4c e-con-full project e-flex e-con e-child\" data-id=\"c266d4c\" data-element_type=\"container\" data-settings=\"{&quot;animation&quot;:&quot;none&quot;}\">\n\t\t<div class=\"elementor-element elementor-element-e779a10 e-con-full aspect-ratio-4-5 e-flex e-con e-child\" data-id=\"e779a10\" data-element_type=\"container\" data-settings=\"{&quot;background_background&quot;:&quot;classic&quot;}\">\n\t\t\t\t<div class=\"elementor-element elementor-element-2424e80 overlay-text elementor-widget elementor-widget-text-editor\" data-id=\"2424e80\" data-element_type=\"widget\" data-widget_type=\"text-editor.default\">\n\t\t\t\t<div class=\"elementor-widget-container\">\n\t\t\t\t\t\t\t<p>Un eveniment emblematic ce celebreaz\u0103 solidaritatea \u0219i alia\u021bii pentru sprijinul acordat comunit\u0103\u021bii LGBTQIA+.<\/p><p>Desf\u0103\u0219urat\u0103 sub tema \u201ePink Skies\u201d &#8211; \u201eCerurile Roz\u201d, Gala Alia\u021bilor a avut loc la The Tent by Clubul Diploma\u021bilor, reunind aproximativ 250 de participan\u021bi, inclusiv personalit\u0103\u021bi din televiziune, media, societatea civil\u0103, politicieni, influenceri \u0219i key opinion leaders. Seara a debutat cu un spectaculos show drag oferit de reputata Vergine Santa Frida \u0219i a culminat cu un concert vibrant sus\u021binut de Andrei Ursu.<\/p>\t\t\t\t\t\t<\/div>\n\t\t\t\t<\/div>\n\t\t\t\t<\/div>\n\t\t<div class=\"elementor-element elementor-element-eeec8c5 e-con-full e-flex e-con e-child\" data-id=\"eeec8c5\" data-element_type=\"container\">\n\t\t\t\t<div class=\"elementor-element elementor-element-9b647aa elementor-widget__width-initial elementor-widget elementor-widget-heading\" data-id=\"9b647aa\" data-element_type=\"widget\" data-widget_type=\"heading.default\">\n\t\t\t\t<div class=\"elementor-widget-container\">\n\t\t\t<h3 class=\"elementor-heading-title elementor-size-default\">GALA ALIA\u021aILOR<\/h3>\t\t<\/div>\n\t\t\t\t<\/div>\n\t\t\t\t<div class=\"elementor-element elementor-element-2d2e1ab project-category elementor-widget elementor-widget-heading\" data-id=\"2d2e1ab\" data-element_type=\"widget\" data-widget_type=\"heading.default\">\n\t\t\t\t<div class=\"elementor-widget-container\">\n\t\t\t<div class=\"elementor-heading-title elementor-size-default\">EVENT<\/div>\t\t<\/div>\n\t\t\t\t<\/div>\n\t\t\t\t<\/div>\n\t\t\t\t<\/div>\n\t\t<div class=\"elementor-element elementor-element-7162b9a e-con-full project e-flex e-con e-child\" data-id=\"7162b9a\" data-element_type=\"container\" data-settings=\"{&quot;animation&quot;:&quot;none&quot;}\">\n\t\t<div class=\"elementor-element elementor-element-30591d9 e-con-full aspect-ratio-4-5 e-flex e-con e-child\" data-id=\"30591d9\" data-element_type=\"container\" data-settings=\"{&quot;background_background&quot;:&quot;classic&quot;}\">\n\t\t\t\t<div class=\"elementor-element elementor-element-3353e4e overlay-text elementor-widget elementor-widget-text-editor\" data-id=\"3353e4e\" data-element_type=\"widget\" data-widget_type=\"text-editor.default\">\n\t\t\t\t<div class=\"elementor-widget-container\">\n\t\t\t\t\t\t\t<p>Organizarea unui eveniment de pres\u0103 pentru lansarea supermarketului online <strong>Sezamo<\/strong>.<\/p>\t\t\t\t\t\t<\/div>\n\t\t\t\t<\/div>\n\t\t\t\t<\/div>\n\t\t<div class=\"elementor-element elementor-element-816b190 e-con-full e-flex e-con e-child\" data-id=\"816b190\" data-element_type=\"container\">\n\t\t\t\t<div class=\"elementor-element elementor-element-1117714 elementor-widget elementor-widget-heading\" data-id=\"1117714\" data-element_type=\"widget\" data-widget_type=\"heading.default\">\n\t\t\t\t<div class=\"elementor-widget-container\">\n\t\t\t<h3 class=\"elementor-heading-title elementor-size-default\">SEZAMO<\/h3>\t\t<\/div>\n\t\t\t\t<\/div>\n\t\t\t\t<div class=\"elementor-element elementor-element-9580240 project-category elementor-widget elementor-widget-heading\" data-id=\"9580240\" data-element_type=\"widget\" data-widget_type=\"heading.default\">\n\t\t\t\t<div class=\"elementor-widget-container\">\n\t\t\t<div class=\"elementor-heading-title elementor-size-default\">PRESS EVENT<\/div>\t\t<\/div>\n\t\t\t\t<\/div>\n\t\t\t\t<\/div>\n\t\t\t\t<\/div>\n\t\t<div class=\"elementor-element elementor-element-0f3eb6a e-con-full project e-flex e-con e-child\" data-id=\"0f3eb6a\" data-element_type=\"container\" data-settings=\"{&quot;animation&quot;:&quot;none&quot;}\">\n\t\t<div class=\"elementor-element elementor-element-ec94dc5 e-con-full aspect-ratio-4-5 e-flex e-con e-child\" data-id=\"ec94dc5\" data-element_type=\"container\" data-settings=\"{&quot;background_background&quot;:&quot;classic&quot;}\">\n\t\t\t\t<div class=\"elementor-element elementor-element-b150f2a overlay-text elementor-widget elementor-widget-text-editor\" data-id=\"b150f2a\" data-element_type=\"widget\" data-widget_type=\"text-editor.default\">\n\t\t\t\t<div class=\"elementor-widget-container\">\n\t\t\t\t\t\t\t<p>Biserica Domni\u021ba B\u0103la\u0219a din Bucure\u0219ti, un monument istoric recent restaurat cu fonduri europene, a fost pus\u0103 \u00een valoare printr-un proiect de iluminat inteligent realizat de Signify, o companie care de\u021bine o pozi\u021bie de lider la nivel global \u00een domeniu.<\/p>\t\t\t\t\t\t<\/div>\n\t\t\t\t<\/div>\n\t\t\t\t<\/div>\n\t\t<div class=\"elementor-element elementor-element-d076fb1 e-con-full e-flex e-con e-child\" data-id=\"d076fb1\" data-element_type=\"container\">\n\t\t\t\t<div class=\"elementor-element elementor-element-21fb328 elementor-widget__width-initial elementor-widget elementor-widget-heading\" data-id=\"21fb328\" data-element_type=\"widget\" data-widget_type=\"heading.default\">\n\t\t\t\t<div class=\"elementor-widget-container\">\n\t\t\t<h3 class=\"elementor-heading-title elementor-size-default\">SIGNIFY ROMANIA<\/h3>\t\t<\/div>\n\t\t\t\t<\/div>\n\t\t\t\t<div class=\"elementor-element elementor-element-a3f4b2a project-category elementor-widget elementor-widget-heading\" data-id=\"a3f4b2a\" data-element_type=\"widget\" data-widget_type=\"heading.default\">\n\t\t\t\t<div class=\"elementor-widget-container\">\n\t\t\t<div class=\"elementor-heading-title elementor-size-default\">MEDIA RELATIONS<\/div>\t\t<\/div>\n\t\t\t\t<\/div>\n\t\t\t\t<\/div>\n\t\t\t\t<\/div>\n\t\t\t\t\t<\/div>\n\t\t\t\t<\/div>\n\t\t<div class=\"elementor-element elementor-element-e24af39 e-flex e-con-boxed e-con e-parent\" data-id=\"e24af39\" data-element_type=\"container\">\n\t\t\t\t\t<div class=\"e-con-inner\">\n\t\t<div class=\"elementor-element elementor-element-487bbbe e-con-full e-flex e-con e-child\" data-id=\"487bbbe\" data-element_type=\"container\">\n\t\t<div class=\"elementor-element elementor-element-eb715e1 e-con-full e-flex e-con e-child\" data-id=\"eb715e1\" data-element_type=\"container\" data-settings=\"{&quot;background_background&quot;:&quot;classic&quot;}\">\n\t\t\t\t<div class=\"elementor-element elementor-element-b6864c2 elementor-widget elementor-widget-heading\" data-id=\"b6864c2\" data-element_type=\"widget\" data-widget_type=\"heading.default\">\n\t\t\t\t<div class=\"elementor-widget-container\">\n\t\t\t<h3 class=\"elementor-heading-title elementor-size-default\">CONTACT<\/h3>\t\t<\/div>\n\t\t\t\t<\/div>\n\t\t\t\t<div class=\"elementor-element elementor-element-e9f3356 elementor-widget elementor-widget-button\" data-id=\"e9f3356\" data-element_type=\"widget\" data-widget_type=\"button.default\">\n\t\t\t\t<div class=\"elementor-widget-container\">\n\t\t\t\t\t<div class=\"elementor-button-wrapper\">\n\t\t\t<a class=\"elementor-button elementor-button-link elementor-size-sm\" href=\"https:\/\/2active.ro\/contact\">\n\t\t\t\t\t\t<span class=\"elementor-button-content-wrapper\">\n\t\t\t\t\t\t\t\t\t<span class=\"elementor-button-text\">TRIMITE-NE UN MESAJ<\/span>\n\t\t\t\t\t<\/span>\n\t\t\t\t\t<\/a>\n\t\t<\/div>\n\t\t\t\t<\/div>\n\t\t\t\t<\/div>\n\t\t\t\t<\/div>\n\t\t\t\t<\/div>\n\t\t\t\t\t<\/div>\n\t\t\t\t<\/div>\n\t\t\t\t<\/div>\n\t\t","protected":false},"excerpt":{"rendered":"<p>Proiecte Filosofia noastr\u0103 Cre\u0103m mesaje personalizate, gestion\u0103m cu abilit\u0103\u021bi crizele \u0219i punem \u00een eviden\u021b\u0103 conducerea dvs., acord\u0103m prioritate conexiunilor autentice \u0219i aplic\u0103m strategii creative \u0219i, \u00een cele din urm\u0103, preg\u0103tim scena prin evenimente de impact pentru a ne asigura c\u0103 marca dvs. prosper\u0103 at\u00e2t online, c\u00e2t \u0219i offline. FILTRE Aniversarea de 25 de ani a [&hellip;]<\/p>\n","protected":false},"author":3,"featured_media":0,"parent":0,"menu_order":0,"comment_status":"closed","ping_status":"closed","template":"","meta":{"_acf_changed":false,"footnotes":""},"class_list":["post-2361","page","type-page","status-publish","hentry"],"blocksy_meta":{"has_hero_section":"disabled","styles_descriptor":{"styles":{"desktop":"","tablet":"","mobile":""},"google_fonts":[],"version":6}},"acf":[],"_links":{"self":[{"href":"https:\/\/2active.ro\/en\/wp-json\/wp\/v2\/pages\/2361","targetHints":{"allow":["GET"]}}],"collection":[{"href":"https:\/\/2active.ro\/en\/wp-json\/wp\/v2\/pages"}],"about":[{"href":"https:\/\/2active.ro\/en\/wp-json\/wp\/v2\/types\/page"}],"author":[{"embeddable":true,"href":"https:\/\/2active.ro\/en\/wp-json\/wp\/v2\/users\/3"}],"replies":[{"embeddable":true,"href":"https:\/\/2active.ro\/en\/wp-json\/wp\/v2\/comments?post=2361"}],"version-history":[{"count":65,"href":"https:\/\/2active.ro\/en\/wp-json\/wp\/v2\/pages\/2361\/revisions"}],"predecessor-version":[{"id":3436,"href":"https:\/\/2active.ro\/en\/wp-json\/wp\/v2\/pages\/2361\/revisions\/3436"}],"wp:attachment":[{"href":"https:\/\/2active.ro\/en\/wp-json\/wp\/v2\/media?parent=2361"}],"curies":[{"name":"wp","href":"https:\/\/api.w.org\/{rel}","templated":true}]}}